{"id":1627,"date":"2021-11-16T14:33:48","date_gmt":"2021-11-16T13:33:48","guid":{"rendered":"https:\/\/vanessa-peharpre-avocat.be\/?page_id=1627"},"modified":"2022-09-30T12:38:59","modified_gmt":"2022-09-30T10:38:59","slug":"honoraires-avocat","status":"publish","type":"page","link":"https:\/\/vanessa-peharpre-avocat.be\/honoraires-avocat\/","title":{"rendered":"Honoraires"},"content":{"rendered":"\t\t<div data-elementor-type=\"wp-page\" data-elementor-id=\"1627\" class=\"elementor elementor-1627\" data-elementor-settings=\"[]\">\n\t\t\t\t\t\t<div class=\"elementor-inner\">\n\t\t\t\t\t\t\t<div class=\"elementor-section-wrap\">\n\t\t\t\t\t\t\t<section class=\"elementor-section elementor-top-section elementor-element elementor-element-21171a93 elementor-section-height-min-height elementor-section-content-middle elementor-section-stretched elementor-section-boxed elementor-section-height-default elementor-section-items-middle\" data-id=\"21171a93\" data-element_type=\"section\" data-settings=\"{&quot;background_background&quot;:&quot;classic&quot;,&quot;stretch_section&quot;:&quot;section-stretched&quot;}\">\n\t\t\t\t\t\t\t<div class=\"elementor-background-overlay\"><\/div>\n\t\t\t\t\t\t\t<div class=\"elementor-container elementor-column-gap-no\">\n\t\t\t\t\t\t\t<div class=\"elementor-row\">\n\t\t\t\t\t<div class=\"elementor-column elementor-col-100 elementor-top-column elementor-element elementor-element-4fe902bf\" data-id=\"4fe902bf\" data-element_type=\"column\">\n\t\t\t<div class=\"elementor-column-wrap elementor-element-populated\">\n\t\t\t\t\t\t\t<div class=\"elementor-widget-wrap\">\n\t\t\t\t\t\t\t\t<\/div>\n\t\t\t\t\t<\/div>\n\t\t<\/div>\n\t\t\t\t\t\t\t\t<\/div>\n\t\t\t\t\t<\/div>\n\t\t<\/section>\n\t\t\t\t<section class=\"elementor-section elementor-top-section elementor-element elementor-element-1ff4f9a8 elementor-section-stretched elementor-section-boxed elementor-section-height-default elementor-section-height-default\" data-id=\"1ff4f9a8\" data-element_type=\"section\" data-settings=\"{&quot;stretch_section&quot;:&quot;section-stretched&quot;}\">\n\t\t\t\t\t\t<div class=\"elementor-container elementor-column-gap-default\">\n\t\t\t\t\t\t\t<div class=\"elementor-row\">\n\t\t\t\t\t<div class=\"elementor-column elementor-col-100 elementor-top-column elementor-element elementor-element-1f6d8402\" data-id=\"1f6d8402\" data-element_type=\"column\">\n\t\t\t<div class=\"elementor-column-wrap elementor-element-populated\">\n\t\t\t\t\t\t\t<div class=\"elementor-widget-wrap\">\n\t\t\t\t\t\t<div class=\"elementor-element elementor-element-3497b50a elementor-widget elementor-widget-menu-anchor\" data-id=\"3497b50a\" data-element_type=\"widget\" data-widget_type=\"menu-anchor.default\">\n\t\t\t\t<div class=\"elementor-widget-container\">\n\t\t\t\t\t<div id=\"ctn\" class=\"elementor-menu-anchor\"><\/div>\n\t\t\t\t<\/div>\n\t\t\t\t<\/div>\n\t\t\t\t<div class=\"elementor-element elementor-element-4f639c09 elementor-widget elementor-widget-heading\" data-id=\"4f639c09\" data-element_type=\"widget\" data-widget_type=\"heading.default\">\n\t\t\t\t<div class=\"elementor-widget-container\">\n\t\t\t<h1 class=\"elementor-heading-title elementor-size-default\">D\u00e9couvrez les honoraires de votre avocat \u00e0 Bruxelles<\/h1>\t\t<\/div>\n\t\t\t\t<\/div>\n\t\t\t\t<div class=\"elementor-element elementor-element-10c2f0cc elementor-widget elementor-widget-text-editor\" data-id=\"10c2f0cc\" data-element_type=\"widget\" id=\"txt\" data-widget_type=\"text-editor.default\">\n\t\t\t\t<div class=\"elementor-widget-container\">\n\t\t\t\t\t\t\t\t<div class=\"elementor-text-editor elementor-clearfix\">\n\t\t\t\t<p>&#8220;Regarder non pas ce qu&#8217;il vous en co\u00fbte pour vous d\u00e9fendre mais ce qu&#8217;il vous en co\u00fbterait pour ne pas vous \u00eatre d\u00e9fendu&#8221; (D\u00e9mosth\u00e8ne)<\/p><p>Les modalit\u00e9s d&#8217;\u00e9tablissement des frais et honoraires de <strong><a href=\"https:\/\/vanessa-peharpre-avocat.be\/\">cabinet d\u2019avocat \u00e0 Bruxelles<\/a><\/strong> pr\u00e8s d\u2019Ixelles sont bas\u00e9es sur la transparence et dans le respect du r\u00e8glement national de la profession, mais aussi des recommandations d\u00e9ontologiques du Barreau de Bruxelles.<\/p>\t\t\t\t\t<\/div>\n\t\t\t\t\t\t<\/div>\n\t\t\t\t<\/div>\n\t\t\t\t\t\t<\/div>\n\t\t\t\t\t<\/div>\n\t\t<\/div>\n\t\t\t\t\t\t\t\t<\/div>\n\t\t\t\t\t<\/div>\n\t\t<\/section>\n\t\t\t\t<section class=\"elementor-section elementor-top-section elementor-element elementor-element-48d8946e elementor-section-stretched elementor-section-content-middle elementor-section-boxed elementor-section-height-default elementor-section-height-default\" data-id=\"48d8946e\" data-element_type=\"section\" data-settings=\"{&quot;stretch_section&quot;:&quot;section-stretched&quot;}\">\n\t\t\t\t\t\t<div class=\"elementor-container elementor-column-gap-default\">\n\t\t\t\t\t\t\t<div class=\"elementor-row\">\n\t\t\t\t\t<div class=\"elementor-column elementor-col-50 elementor-top-column elementor-element elementor-element-29584e01\" data-id=\"29584e01\" data-element_type=\"column\">\n\t\t\t<div class=\"elementor-column-wrap elementor-element-populated\">\n\t\t\t\t\t\t\t<div class=\"elementor-widget-wrap\">\n\t\t\t\t\t\t<div class=\"elementor-element elementor-element-1e77e33f elementor-invisible elementor-widget elementor-widget-image\" data-id=\"1e77e33f\" data-element_type=\"widget\" data-settings=\"{&quot;_animation&quot;:&quot;fadeInDown&quot;}\" data-widget_type=\"image.default\">\n\t\t\t\t<div class=\"elementor-widget-container\">\n\t\t\t\t\t\t\t\t<div class=\"elementor-image\">\n\t\t\t\t\t\t\t\t\t\t\t\t<img width=\"700\" height=\"500\" src=\"https:\/\/vanessa-peharpre-avocat.be\/wp-content\/uploads\/2021\/11\/m27.jpg\" class=\"attachment-large size-large\" alt=\"Honoraires avocat Bruxelles\" srcset=\"https:\/\/vanessa-peharpre-avocat.be\/wp-content\/uploads\/2021\/11\/m27.jpg 700w, https:\/\/vanessa-peharpre-avocat.be\/wp-content\/uploads\/2021\/11\/m27-600x429.jpg 600w, https:\/\/vanessa-peharpre-avocat.be\/wp-content\/uploads\/2021\/11\/m27-300x214.jpg 300w\" sizes=\"(max-width: 700px) 100vw, 700px\" \/>\t\t\t\t\t\t\t\t\t\t\t\t\t\t<\/div>\n\t\t\t\t\t\t<\/div>\n\t\t\t\t<\/div>\n\t\t\t\t\t\t<\/div>\n\t\t\t\t\t<\/div>\n\t\t<\/div>\n\t\t\t\t<div class=\"elementor-column elementor-col-50 elementor-top-column elementor-element elementor-element-425292a4\" data-id=\"425292a4\" data-element_type=\"column\">\n\t\t\t<div class=\"elementor-column-wrap elementor-element-populated\">\n\t\t\t\t\t\t\t<div class=\"elementor-widget-wrap\">\n\t\t\t\t\t\t<div class=\"elementor-element elementor-element-34196da0 elementor-widget elementor-widget-heading\" data-id=\"34196da0\" data-element_type=\"widget\" data-widget_type=\"heading.default\">\n\t\t\t\t<div class=\"elementor-widget-container\">\n\t\t\t<h2 class=\"elementor-heading-title elementor-size-default\">La politique d\u2019honoraires de votre cabinet d\u2019avocat<\/h2>\t\t<\/div>\n\t\t\t\t<\/div>\n\t\t\t\t<div class=\"elementor-element elementor-element-6f0b6d55 elementor-widget elementor-widget-text-editor\" data-id=\"6f0b6d55\" data-element_type=\"widget\" data-widget_type=\"text-editor.default\">\n\t\t\t\t<div class=\"elementor-widget-container\">\n\t\t\t\t\t\t\t\t<div class=\"elementor-text-editor elementor-clearfix\">\n\t\t\t\t<p>Les honoraires font l\u2019objet d\u2019un accord pr\u00e9alable avec le client par le biais d\u2019une convention stipulant les&nbsp;<span style=\"font-size: inherit;\">modalit\u00e9s de facturation d&#8217;honoraires, couvrant les diligences attendues, les frais et les d\u00e9bours envisag\u00e9s.<\/span><\/p>\n<p><\/p>\n<p>Ma\u00eetre Vanessa Peharpr\u00e9 veille \u00e0 ce que ses honoraires soient fix\u00e9s en toute transparence et vous informe sur les modalit\u00e9s de fixation de sa r\u00e9mun\u00e9ration. \u00c0 l&#8217;issue du premier rendez-vous ou de l\u2019\u00e9tude pr\u00e9liminaire du dossier, votre avocate pr\u00e8s d\u2019Etterbeek pr\u00e9sente une formule de fixation des honoraires&nbsp; adapt\u00e9e pour le client.<\/p><p>En g\u00e9n\u00e9ral, votre avocat applique un taux horaire et facturera selon les heures prest\u00e9es en \u00e9tablissant un d\u00e9tail de toutes les prestations.<\/p><p>La premi\u00e8re consultation est au prix de 80,00 \u20ac HTVA.&nbsp; Il vous est possible de payer via l&#8217;application Payconiq.<\/p><p>Les tarifs de prise en charge d&#8217;un dossier seront expliqu\u00e9s lors de la premi\u00e8re consultation et en fonction de la sp\u00e9cificit\u00e9 du dossier.<\/p>\t\t\t\t\t<\/div>\n\t\t\t\t\t\t<\/div>\n\t\t\t\t<\/div>\n\t\t\t\t\t\t<\/div>\n\t\t\t\t\t<\/div>\n\t\t<\/div>\n\t\t\t\t\t\t\t\t<\/div>\n\t\t\t\t\t<\/div>\n\t\t<\/section>\n\t\t\t\t<section class=\"elementor-section elementor-top-section elementor-element elementor-element-3df1ae1a elementor-section-stretched elementor-reverse-tablet elementor-reverse-mobile elementor-section-boxed elementor-section-height-default elementor-section-height-default\" data-id=\"3df1ae1a\" data-element_type=\"section\" data-settings=\"{&quot;stretch_section&quot;:&quot;section-stretched&quot;}\">\n\t\t\t\t\t\t<div class=\"elementor-container elementor-column-gap-default\">\n\t\t\t\t\t\t\t<div class=\"elementor-row\">\n\t\t\t\t\t<div class=\"elementor-column elementor-col-33 elementor-top-column elementor-element elementor-element-19f903de\" data-id=\"19f903de\" data-element_type=\"column\">\n\t\t\t<div class=\"elementor-column-wrap elementor-element-populated\">\n\t\t\t\t\t\t\t<div class=\"elementor-widget-wrap\">\n\t\t\t\t\t\t<div class=\"elementor-element elementor-element-43d3743f elementor-invisible elementor-widget elementor-widget-image\" data-id=\"43d3743f\" data-element_type=\"widget\" data-settings=\"{&quot;_animation&quot;:&quot;fadeInDown&quot;}\" data-widget_type=\"image.default\">\n\t\t\t\t<div class=\"elementor-widget-container\">\n\t\t\t\t\t\t\t\t<div class=\"elementor-image\">\n\t\t\t\t\t\t\t\t\t\t\t\t<img width=\"700\" height=\"500\" src=\"https:\/\/vanessa-peharpre-avocat.be\/wp-content\/uploads\/2021\/11\/m28.jpg\" class=\"attachment-large size-large\" alt=\"prix consultation avocat Ixelles\" srcset=\"https:\/\/vanessa-peharpre-avocat.be\/wp-content\/uploads\/2021\/11\/m28.jpg 700w, https:\/\/vanessa-peharpre-avocat.be\/wp-content\/uploads\/2021\/11\/m28-600x429.jpg 600w, https:\/\/vanessa-peharpre-avocat.be\/wp-content\/uploads\/2021\/11\/m28-300x214.jpg 300w\" sizes=\"(max-width: 700px) 100vw, 700px\" \/>\t\t\t\t\t\t\t\t\t\t\t\t\t\t<\/div>\n\t\t\t\t\t\t<\/div>\n\t\t\t\t<\/div>\n\t\t\t\t<div class=\"elementor-element elementor-element-5b015685 elementor-widget elementor-widget-heading\" data-id=\"5b015685\" data-element_type=\"widget\" data-widget_type=\"heading.default\">\n\t\t\t\t<div class=\"elementor-widget-container\">\n\t\t\t<h3 class=\"elementor-heading-title elementor-size-default\">Les honoraires au temps pass\u00e9<\/h3>\t\t<\/div>\n\t\t\t\t<\/div>\n\t\t\t\t<div class=\"elementor-element elementor-element-45f46497 elementor-widget elementor-widget-text-editor\" data-id=\"45f46497\" data-element_type=\"widget\" data-widget_type=\"text-editor.default\">\n\t\t\t\t<div class=\"elementor-widget-container\">\n\t\t\t\t\t\t\t\t<div class=\"elementor-text-editor elementor-clearfix\">\n\t\t\t\t<p>Les tarifs de votre avocate \u00e0 proximit\u00e9 d\u2019Anderlecht, seront calcul\u00e9s en fonction du nombre d\u2019heures destin\u00e9 \u00e0 l&#8217;\u00e9tude et au traitement du dossier y compris les audiences, les appels t\u00e9l\u00e9phoniques, les rendez-vous, etc.<\/p><p><\/p><p>Vous pouvez choisir des honoraires \u00e0 l&#8217;heure suivant le temps pass\u00e9, sur la base d&#8217;un taux horaire adapt\u00e9 \u00e0 votre situation que je fixe d\u00e8s le premier rendez-vous.<\/p>\t\t\t\t\t<\/div>\n\t\t\t\t\t\t<\/div>\n\t\t\t\t<\/div>\n\t\t\t\t\t\t<\/div>\n\t\t\t\t\t<\/div>\n\t\t<\/div>\n\t\t\t\t<div class=\"elementor-column elementor-col-33 elementor-top-column elementor-element elementor-element-4f65b42\" data-id=\"4f65b42\" data-element_type=\"column\">\n\t\t\t<div class=\"elementor-column-wrap elementor-element-populated\">\n\t\t\t\t\t\t\t<div class=\"elementor-widget-wrap\">\n\t\t\t\t\t\t<div class=\"elementor-element elementor-element-129f458 elementor-invisible elementor-widget elementor-widget-image\" data-id=\"129f458\" data-element_type=\"widget\" data-settings=\"{&quot;_animation&quot;:&quot;fadeInDown&quot;}\" data-widget_type=\"image.default\">\n\t\t\t\t<div class=\"elementor-widget-container\">\n\t\t\t\t\t\t\t\t<div class=\"elementor-image\">\n\t\t\t\t\t\t\t\t\t\t\t\t<img width=\"700\" height=\"500\" src=\"https:\/\/vanessa-peharpre-avocat.be\/wp-content\/uploads\/2021\/11\/m29.jpg\" class=\"attachment-large size-large\" alt=\"honoraire forfaitaire avocat Ixelles\" srcset=\"https:\/\/vanessa-peharpre-avocat.be\/wp-content\/uploads\/2021\/11\/m29.jpg 700w, https:\/\/vanessa-peharpre-avocat.be\/wp-content\/uploads\/2021\/11\/m29-600x429.jpg 600w, https:\/\/vanessa-peharpre-avocat.be\/wp-content\/uploads\/2021\/11\/m29-300x214.jpg 300w\" sizes=\"(max-width: 700px) 100vw, 700px\" \/>\t\t\t\t\t\t\t\t\t\t\t\t\t\t<\/div>\n\t\t\t\t\t\t<\/div>\n\t\t\t\t<\/div>\n\t\t\t\t<div class=\"elementor-element elementor-element-80fd7fb elementor-widget elementor-widget-heading\" data-id=\"80fd7fb\" data-element_type=\"widget\" data-widget_type=\"heading.default\">\n\t\t\t\t<div class=\"elementor-widget-container\">\n\t\t\t<h3 class=\"elementor-heading-title elementor-size-default\">L'honoraire forfaitaire<\/h3>\t\t<\/div>\n\t\t\t\t<\/div>\n\t\t\t\t<div class=\"elementor-element elementor-element-2c397d7 elementor-widget elementor-widget-text-editor\" data-id=\"2c397d7\" data-element_type=\"widget\" data-widget_type=\"text-editor.default\">\n\t\t\t\t<div class=\"elementor-widget-container\">\n\t\t\t\t\t\t\t\t<div class=\"elementor-text-editor elementor-clearfix\">\n\t\t\t\t<p>Une r\u00e9mun\u00e9ration globale est d\u00e9finie pour toute la proc\u00e9dure de mani\u00e8re forfaitaire librement suivant un accord avec mon client.<\/p><p><\/p><p>La facturation s\u2019effectue donc suivant l\u2019importance des int\u00e9r\u00eats en cause, la situation financi\u00e8re du client, la complexit\u00e9 de l\u2019affaire, les avantages, ainsi que le r\u00e9sultat obtenu au b\u00e9n\u00e9fice du client. Si votre dossier requiert des services suppl\u00e9mentaires, ils feront l\u2019objet d\u2019une nouvelle r\u00e9mun\u00e9ration.<\/p>\t\t\t\t\t<\/div>\n\t\t\t\t\t\t<\/div>\n\t\t\t\t<\/div>\n\t\t\t\t\t\t<\/div>\n\t\t\t\t\t<\/div>\n\t\t<\/div>\n\t\t\t\t<div class=\"elementor-column elementor-col-33 elementor-top-column elementor-element elementor-element-067a6b7\" data-id=\"067a6b7\" data-element_type=\"column\">\n\t\t\t<div class=\"elementor-column-wrap elementor-element-populated\">\n\t\t\t\t\t\t\t<div class=\"elementor-widget-wrap\">\n\t\t\t\t\t\t<div class=\"elementor-element elementor-element-9704d3c elementor-invisible elementor-widget elementor-widget-image\" data-id=\"9704d3c\" data-element_type=\"widget\" data-settings=\"{&quot;_animation&quot;:&quot;fadeInDown&quot;}\" data-widget_type=\"image.default\">\n\t\t\t\t<div class=\"elementor-widget-container\">\n\t\t\t\t\t\t\t\t<div class=\"elementor-image\">\n\t\t\t\t\t\t\t\t\t\t\t\t<img width=\"700\" height=\"500\" src=\"https:\/\/vanessa-peharpre-avocat.be\/wp-content\/uploads\/2021\/11\/m30.jpg\" class=\"attachment-large size-large\" alt=\"Tarif avocat Ixelles\" srcset=\"https:\/\/vanessa-peharpre-avocat.be\/wp-content\/uploads\/2021\/11\/m30.jpg 700w, https:\/\/vanessa-peharpre-avocat.be\/wp-content\/uploads\/2021\/11\/m30-600x429.jpg 600w, https:\/\/vanessa-peharpre-avocat.be\/wp-content\/uploads\/2021\/11\/m30-300x214.jpg 300w\" sizes=\"(max-width: 700px) 100vw, 700px\" \/>\t\t\t\t\t\t\t\t\t\t\t\t\t\t<\/div>\n\t\t\t\t\t\t<\/div>\n\t\t\t\t<\/div>\n\t\t\t\t<div class=\"elementor-element elementor-element-e03442e elementor-widget elementor-widget-heading\" data-id=\"e03442e\" data-element_type=\"widget\" data-widget_type=\"heading.default\">\n\t\t\t\t<div class=\"elementor-widget-container\">\n\t\t\t<h3 class=\"elementor-heading-title elementor-size-default\">Les honoraires au r\u00e9sultat<\/h3>\t\t<\/div>\n\t\t\t\t<\/div>\n\t\t\t\t<div class=\"elementor-element elementor-element-c35edd6 elementor-widget elementor-widget-text-editor\" data-id=\"c35edd6\" data-element_type=\"widget\" data-widget_type=\"text-editor.default\">\n\t\t\t\t<div class=\"elementor-widget-container\">\n\t\t\t\t\t\t\t\t<div class=\"elementor-text-editor elementor-clearfix\">\n\t\t\t\t<p>La loi interdit de payer un avocat uniquement en cas de r\u00e9ussite du recours. Le montant de l&#8217;honoraire doit<\/p><p>\u00eatre fix\u00e9 via une convention \u00e9crite. Cette convention est un compl\u00e9ment de r\u00e9sultat qui ne peut pas \u00eatre<\/p><p>consid\u00e9r\u00e9 comme le seul mode de r\u00e9mun\u00e9ration ou d\u00e9terminer le montant des mes honoraires.<\/p>\t\t\t\t\t<\/div>\n\t\t\t\t\t\t<\/div>\n\t\t\t\t<\/div>\n\t\t\t\t\t\t<\/div>\n\t\t\t\t\t<\/div>\n\t\t<\/div>\n\t\t\t\t\t\t\t\t<\/div>\n\t\t\t\t\t<\/div>\n\t\t<\/section>\n\t\t\t\t<section class=\"elementor-section elementor-top-section elementor-element elementor-element-ee12141 elementor-section-stretched elementor-section-content-middle elementor-section-boxed elementor-section-height-default elementor-section-height-default\" data-id=\"ee12141\" data-element_type=\"section\" data-settings=\"{&quot;stretch_section&quot;:&quot;section-stretched&quot;}\">\n\t\t\t\t\t\t<div class=\"elementor-container elementor-column-gap-default\">\n\t\t\t\t\t\t\t<div class=\"elementor-row\">\n\t\t\t\t\t<div class=\"elementor-column elementor-col-50 elementor-top-column elementor-element elementor-element-45ca0c9\" data-id=\"45ca0c9\" data-element_type=\"column\">\n\t\t\t<div class=\"elementor-column-wrap elementor-element-populated\">\n\t\t\t\t\t\t\t<div class=\"elementor-widget-wrap\">\n\t\t\t\t\t\t<div class=\"elementor-element elementor-element-964be27 elementor-invisible elementor-widget elementor-widget-image\" data-id=\"964be27\" data-element_type=\"widget\" data-settings=\"{&quot;_animation&quot;:&quot;fadeInDown&quot;}\" data-widget_type=\"image.default\">\n\t\t\t\t<div class=\"elementor-widget-container\">\n\t\t\t\t\t\t\t\t<div class=\"elementor-image\">\n\t\t\t\t\t\t\t\t\t\t\t\t<img width=\"700\" height=\"500\" src=\"https:\/\/vanessa-peharpre-avocat.be\/wp-content\/uploads\/2021\/11\/m31.jpg\" class=\"attachment-large size-large\" alt=\"Avocat honoraires Ixelles\" srcset=\"https:\/\/vanessa-peharpre-avocat.be\/wp-content\/uploads\/2021\/11\/m31.jpg 700w, https:\/\/vanessa-peharpre-avocat.be\/wp-content\/uploads\/2021\/11\/m31-600x429.jpg 600w, https:\/\/vanessa-peharpre-avocat.be\/wp-content\/uploads\/2021\/11\/m31-300x214.jpg 300w\" sizes=\"(max-width: 700px) 100vw, 700px\" \/>\t\t\t\t\t\t\t\t\t\t\t\t\t\t<\/div>\n\t\t\t\t\t\t<\/div>\n\t\t\t\t<\/div>\n\t\t\t\t\t\t<\/div>\n\t\t\t\t\t<\/div>\n\t\t<\/div>\n\t\t\t\t<div class=\"elementor-column elementor-col-50 elementor-top-column elementor-element elementor-element-a92edcf\" data-id=\"a92edcf\" data-element_type=\"column\">\n\t\t\t<div class=\"elementor-column-wrap elementor-element-populated\">\n\t\t\t\t\t\t\t<div class=\"elementor-widget-wrap\">\n\t\t\t\t\t\t<div class=\"elementor-element elementor-element-d65ecbd elementor-widget elementor-widget-heading\" data-id=\"d65ecbd\" data-element_type=\"widget\" data-widget_type=\"heading.default\">\n\t\t\t\t<div class=\"elementor-widget-container\">\n\t\t\t<h2 class=\"elementor-heading-title elementor-size-default\">La contestation des honoraires<\/h2>\t\t<\/div>\n\t\t\t\t<\/div>\n\t\t\t\t<div class=\"elementor-element elementor-element-5870aa4 elementor-widget elementor-widget-text-editor\" data-id=\"5870aa4\" data-element_type=\"widget\" data-widget_type=\"text-editor.default\">\n\t\t\t\t<div class=\"elementor-widget-container\">\n\t\t\t\t\t\t\t\t<div class=\"elementor-text-editor elementor-clearfix\">\n\t\t\t\t<p>Le client est en mesure, en cas d&#8217;incompr\u00e9hension ou d\u2019une maladresse de comptabilit\u00e9 avec un avocat, de s\u2019adresser au Service ombudsman des avocats afin d\u2019examiner les pi\u00e8ces justificatives et les revendications de chacun, tout en tenant en consid\u00e9ration les prestations accomplies par l\u2019avocat avant de proc\u00e9der \u00e0 un arbitrage des honoraires.<\/p>\t\t\t\t\t<\/div>\n\t\t\t\t\t\t<\/div>\n\t\t\t\t<\/div>\n\t\t\t\t\t\t<\/div>\n\t\t\t\t\t<\/div>\n\t\t<\/div>\n\t\t\t\t\t\t\t\t<\/div>\n\t\t\t\t\t<\/div>\n\t\t<\/section>\n\t\t\t\t<section class=\"elementor-section elementor-top-section elementor-element elementor-element-2fda7c5e elementor-section-stretched elementor-section-content-middle elementor-section-boxed elementor-section-height-default elementor-section-height-default\" data-id=\"2fda7c5e\" data-element_type=\"section\" data-settings=\"{&quot;stretch_section&quot;:&quot;section-stretched&quot;,&quot;background_background&quot;:&quot;classic&quot;}\">\n\t\t\t\t\t\t<div class=\"elementor-container elementor-column-gap-default\">\n\t\t\t\t\t\t\t<div class=\"elementor-row\">\n\t\t\t\t\t<div class=\"elementor-column elementor-col-100 elementor-top-column elementor-element elementor-element-151d205d\" data-id=\"151d205d\" data-element_type=\"column\">\n\t\t\t<div class=\"elementor-column-wrap elementor-element-populated\">\n\t\t\t\t\t\t\t<div class=\"elementor-widget-wrap\">\n\t\t\t\t\t\t<div class=\"elementor-element elementor-element-6a46394a elementor-widget elementor-widget-text-editor\" data-id=\"6a46394a\" data-element_type=\"widget\" data-widget_type=\"text-editor.default\">\n\t\t\t\t<div class=\"elementor-widget-container\">\n\t\t\t\t\t\t\t\t<div class=\"elementor-text-editor elementor-clearfix\">\n\t\t\t\t<p>Pour tout renseignement compl\u00e9mentaire concernant le r\u00e9gime honoraire de votre cabinet d\u2019avocat ou prise de rendez-vous, n\u2019h\u00e9sitez pas \u00e0 <a href=\"https:\/\/vanessa-peharpre-avocat.be\/contact\/#ctn\"><strong>contacter<\/strong> <\/a>votre cabinet d\u2019avocat pr\u00e8s d\u2019Ixelles au <a href=\"tel:0489075012\"><strong>04.89.07.50.12<\/strong> <\/a>ou \u00e0 utiliser le service de consultation en ligne.<\/p>\t\t\t\t\t<\/div>\n\t\t\t\t\t\t<\/div>\n\t\t\t\t<\/div>\n\t\t\t\t\t\t<\/div>\n\t\t\t\t\t<\/div>\n\t\t<\/div>\n\t\t\t\t\t\t\t\t<\/div>\n\t\t\t\t\t<\/div>\n\t\t<\/section>\n\t\t\t\t\t\t<\/div>\n\t\t\t\t\t\t<\/div>\n\t\t\t\t\t<\/div>\n\t\t","protected":false},"excerpt":{"rendered":"<p>D\u00e9couvrez les honoraires de votre avocat \u00e0 Bruxelles &#8220;Regarder non pas ce qu&#8217;il vous en co\u00fbte pour vous d\u00e9fendre mais ce qu&#8217;il vous en co\u00fbterait pour ne pas vous \u00eatre d\u00e9fendu&#8221; (D\u00e9mosth\u00e8ne) Les modalit\u00e9s d&#8217;\u00e9tablissement des frais et honoraires de cabinet d\u2019avocat \u00e0 Bruxelles pr\u00e8s d\u2019Ixelles sont bas\u00e9es sur la [&hellip;]<\/p>\n","protected":false},"author":27,"featured_media":0,"parent":0,"menu_order":0,"comment_status":"closed","ping_status":"closed","template":"","meta":[],"acf":[],"aioseo_notices":[],"_links":{"self":[{"href":"https:\/\/vanessa-peharpre-avocat.be\/nov-apijson\/wp\/v2\/pages\/1627"}],"collection":[{"href":"https:\/\/vanessa-peharpre-avocat.be\/nov-apijson\/wp\/v2\/pages"}],"about":[{"href":"https:\/\/vanessa-peharpre-avocat.be\/nov-apijson\/wp\/v2\/types\/page"}],"author":[{"embeddable":true,"href":"https:\/\/vanessa-peharpre-avocat.be\/nov-apijson\/wp\/v2\/users\/27"}],"replies":[{"embeddable":true,"href":"https:\/\/vanessa-peharpre-avocat.be\/nov-apijson\/wp\/v2\/comments?post=1627"}],"version-history":[{"count":36,"href":"https:\/\/vanessa-peharpre-avocat.be\/nov-apijson\/wp\/v2\/pages\/1627\/revisions"}],"predecessor-version":[{"id":2608,"href":"https:\/\/vanessa-peharpre-avocat.be\/nov-apijson\/wp\/v2\/pages\/1627\/revisions\/2608"}],"wp:attachment":[{"href":"https:\/\/vanessa-peharpre-avocat.be\/nov-apijson\/wp\/v2\/media?parent=1627"}],"curies":[{"name":"wp","href":"https:\/\/api.w.org\/{rel}","templated":true}]}}